{"id":55,"date":"2014-01-04T21:58:12","date_gmt":"2014-01-04T20:58:12","guid":{"rendered":"http:\/\/voiceofmatilda.se\/?page_id=55"},"modified":"2025-09-26T08:40:43","modified_gmt":"2025-09-26T06:40:43","slug":"kommande-konserter","status":"publish","type":"page","link":"https:\/\/voiceofmatilda.se\/?page_id=55","title":{"rendered":"EVENEMANG"},"content":{"rendered":"<h2>Opera Populare<\/h2>\n<p><em><strong>OKT 18-19-2025&nbsp; samt 25-26-2025 p\u00e5 Skottes i G\u00e4vle (L\u00f6r. kl. 19 och S\u00f6n. kl. 16)<\/strong><\/em><\/p>\n<p><em><strong>NOV 8-9-2025 p\u00e5 Valhalla i Sandviken <\/strong><strong><em>(<\/em>L\u00f6r. kl. 19 och S\u00f6n. kl. 16)<\/strong><\/em><\/p>\n<p><a href=\"https:\/\/i0.wp.com\/voiceofmatilda.se\/wp-content\/uploads\/2025\/09\/Kopia-av-Pajazzo.png.png?ssl=1\"><img data-recalc-dims=\"1\" loading=\"lazy\" decoding=\"async\" class=\"alignnone  wp-image-797\" src=\"https:\/\/i0.wp.com\/voiceofmatilda.se\/wp-content\/uploads\/2025\/09\/Kopia-av-Pajazzo.png.png?resize=334%2C473&#038;ssl=1\" alt=\"\" width=\"334\" height=\"473\" srcset=\"https:\/\/i0.wp.com\/voiceofmatilda.se\/wp-content\/uploads\/2025\/09\/Kopia-av-Pajazzo.png.png?resize=212%2C300&amp;ssl=1 212w, https:\/\/i0.wp.com\/voiceofmatilda.se\/wp-content\/uploads\/2025\/09\/Kopia-av-Pajazzo.png.png?resize=724%2C1024&amp;ssl=1 724w, https:\/\/i0.wp.com\/voiceofmatilda.se\/wp-content\/uploads\/2025\/09\/Kopia-av-Pajazzo.png.png?resize=768%2C1086&amp;ssl=1 768w, https:\/\/i0.wp.com\/voiceofmatilda.se\/wp-content\/uploads\/2025\/09\/Kopia-av-Pajazzo.png.png?resize=1086%2C1536&amp;ssl=1 1086w, https:\/\/i0.wp.com\/voiceofmatilda.se\/wp-content\/uploads\/2025\/09\/Kopia-av-Pajazzo.png.png?w=1414&amp;ssl=1 1414w\" sizes=\"auto, (max-width: 334px) 100vw, 334px\" \/><\/a><\/p>\n<h2><span style=\"color: #000000;\">G\u00e4vle operan<\/span><\/h2>\n<p><span style=\"color: #000000;\"><em><strong>OKT 27-2019 (16:00~18:00)&nbsp;<\/strong><\/em><\/span><\/p>\n<p><span style=\"color: #000000;\"><a style=\"color: #000000;\" href=\"https:\/\/www.facebook.com\/gavleoperan\/photos\/a.543504346016322\/937964796570273\/?type=3&amp;theater\" target=\"_blank\" rel=\"noopener noreferrer\">https:\/\/www.facebook.com\/gavleoperan\/photos\/a.543504346016322\/937964796570273\/?type=3&amp;theater<\/a><\/span><\/p>\n<p><span style=\"color: #000000;\">Solister och ensembler ur G\u00e4vleoperan<\/span><\/p>\n<p><span style=\"color: #000000;\">Regi: Lotta Lindqvist<\/span><br \/>\n<span style=\"color: #000000;\">Vid flygeln Stellan Alneberg<\/span><br \/>\n<span class=\"text_exposed_show\" style=\"color: #000000;\"><br \/>\nPREMI\u00c4R S\u00f6ndag 27 oktober kl 16.00<\/span><\/p>\n<p><span style=\"color: #000000;\">Musikverket, Kulturcentrum, Sandviken<\/span><\/p>\n<p><span style=\"color: #000000;\">Entr\u00e9 250 kr. vuxen och 150 kr. f\u00f6r barn\/ungdomar tom 18 \u00e5r<\/span><\/p>\n<p><span style=\"color: #000000;\">Biljetter och info 026 &#8211; 279700 eller <span class=\"text_exposed_show\"><a style=\"color: #000000;\" href=\"http:\/\/sandviken.se\/kulturcentrum?fbclid=IwAR2QZHznsGjDFVMvKdGXLkpfcag0m9PaYBKZALOAXCXp3aAgAqtldwIwjT8\" target=\"_blank\" rel=\"nofollow noopener noreferrer\" data-lynx-mode=\"asynclazy\" data-lynx-uri=\"https:\/\/l.facebook.com\/l.php?u=http%3A%2F%2FSandviken.se%2Fkulturcentrum%3Ffbclid%3DIwAR2QZHznsGjDFVMvKdGXLkpfcag0m9PaYBKZALOAXCXp3aAgAqtldwIwjT8&amp;h=AT2B1YplJQZAIfMllEpLJq2KOVFH1Arz1jrcewPT-TZB6L_k0VCHJ3xZ_tL-q_s0EUCkVY2U9gaPobKAMvnQjnDrZiRigQpmeICk4k9cxHi2PU5Ap1inrokzixQ0GbPZ0HWVJw\">Sandviken.se\/kulturcentrum<\/a><\/span><\/span><\/p>\n<p>&nbsp;<\/p>\n<h2><span style=\"color: #000000;\">En dag med s\u00e5nggl\u00e4dje<\/span><\/h2>\n<p><span style=\"color: #000000;\"><em><strong>MAJ 5-2019 (10:00-16:00)<\/strong><\/em><\/span><\/p>\n<p><span style=\"color: #000000;\">Kom och ha en dag av s\u00e5nggl\u00e4dje. Vi jobbar med s\u00e5ngteknik som andning, st\u00f6d, frasering, textning. Du v\u00e4ljer dina egna s\u00e5nger och f\u00e5r tips p\u00e5 ny repertoar. Lunch och fika ing\u00e5r. Varmt v\u00e4lkommen. <\/span><br \/>\n<span style=\"color: #000000;\">Kostnad 1000 kr. Varmt v\u00e4lkommen!<\/span><\/p>\n<div class=\"_63ew\" data-testid=\"event-permalink-details\">&nbsp;<\/div>\n<h2 data-testid=\"event-permalink-details\"><span style=\"color: #000000;\">Sjung med sj\u00e4l och hj\u00e4rta <\/span><\/h2>\n<p><span style=\"color: #000000;\"><em><strong><span class=\"_5a4-\">OKT <\/span><span class=\"_5a4z\">28 (09:00\u201316:00)<\/span><\/strong><\/em><\/span><\/p>\n<div class=\"_63ew\" data-testid=\"event-permalink-details\"><span style=\"color: #000000;\">Det h\u00e4r \u00e4r en dag d\u00e4r vi utforskar kopplingen mellan s\u00e5ng och sj\u00e4l. Hur f\u00e5r vi kontakt med sj\u00e4len genom att sjunga? Matilda Orrling leder oss i att hitta in\u00e5t f\u00f6r att f\u00e5 kontakt med sj\u00e4len och utg\u00e5 d\u00e4rifr\u00e5n n\u00e4r vi sjunger. Vi \u00f6ppnar kanalen upp\u00e5t f\u00f6r att f\u00e5 energin att fl\u00f6da genom oss. Du beh\u00f6ver inte ha s\u00e5ngerfarenhet bara vara nyfiken p\u00e5 att utforska r\u00f6sten och vara \u00f6ppen f\u00f6r nya id\u00e9er kring din s\u00e5ng. Vi jobbar med andning, avslappning och meditation. <strong>Pris:<\/strong> 495 kr (lunch ing\u00e5r) <strong>Anm\u00e4lan:<\/strong> S\u00f6ders K\u00e4lla, 026-51 88 00<\/span><\/div>\n<div data-testid=\"event-permalink-details\">&nbsp;<\/div>\n<div data-testid=\"event-permalink-details\">\n<h2 data-testid=\"event-permalink-details\"><span style=\"color: #000000;\">Inspirationsdag f\u00f6r s\u00e5ngglada<\/span><\/h2>\n<p><span style=\"color: #000000;\"><em><strong><span class=\"_5a4-\">OKT <\/span><span class=\"_5a4z\">21-2018 (09:00\u201316:00)<\/span><\/strong><\/em><\/span><\/p>\n<div data-testid=\"event-permalink-details\">\n<div class=\"_63ew\" data-testid=\"event-permalink-details\"><span style=\"color: #000000;\">Det h\u00e4r \u00e4r en dag f\u00f6r dig som vill utveckla din s\u00e5ng och f\u00e5 ny inspiration. Vi sjunger tillsammans pop, visa med mera och det finns m\u00f6jlighet f\u00f6r de som vill att sjunga solo.<\/span><br \/>\n<span style=\"color: #000000;\">Matilda Orrling ber\u00e4ttar om sina erfarenheter som s\u00e5ngerska och ger tips och r\u00e5d f\u00f6r att sl\u00e4ppa nervositet och att v\u00e5ga sjunga ut. Vi jobbar med s\u00e5ngteknik och scenn\u00e4rvaro.<\/span><br \/>\n<span style=\"color: #000000;\">Hur f\u00f6rmedlar man budskapet och k\u00e4nslorna i det vi sjunger, \u00e4r en fr\u00e5ga vi kommer att jobba med. V\u00e4lkommen till en dag full av gl\u00e4dje och s\u00e5ng. <strong>Pris:<\/strong> 495 kr (lunch ing\u00e5r). <strong>Anm\u00e4lan:<\/strong> S\u00f6ders K\u00e4lla, 026-51 88 00<\/span><\/div>\n<div data-testid=\"event-permalink-details\">&nbsp;<\/div>\n<\/div>\n<\/div>\n<div data-testid=\"event-permalink-details\">\n<h2><span style=\"color: #000000;\">Masterclass. Opera och klassisk s\u00e5ng med Matilda Orrling<\/span><\/h2>\n<p><span style=\"color: #000000;\"><em><strong><span class=\"_5a4-\">SEP <\/span><span class=\"_5a4z\">16-2018 (09:00-16:00)<\/span><\/strong><\/em><\/span><\/p>\n<div class=\"_63ew\" data-testid=\"event-permalink-details\"><span style=\"color: #000000;\">Matilda Orrling leder Masterclass tillsammans med pianisten Kiyo Wada. Du f\u00e5r coaching p\u00e5 scenen, enskild s\u00e5nglektion och egen tid med pianisten. <strong>Plats:<\/strong> S\u00f6ders k\u00e4lla. <strong>Anm\u00e4lan:<\/strong> info@voiceofmatilda.se <strong>Tid:<\/strong> 09:00-16:00 <strong>Pris: <\/strong>995 kr<\/span><\/div>\n<div data-testid=\"event-permalink-details\">&nbsp;<\/div>\n<\/div>\n<div data-testid=\"event-permalink-details\">\n<h2 data-testid=\"event-permalink-details\"><span style=\"color: #000000;\">PRO: S\u00e5ngkurs f\u00f6r alla som tycker om att sjunga<\/span><\/h2>\n<p><span style=\"color: #000000;\"><em><strong><span class=\"_5a4-\">OKT <\/span><span class=\"_5a4z\">12&#8211;14-2018 (fre 15:00- l\u00f6r 15:00)<\/span><\/strong><\/em><\/span><\/p>\n<div class=\"_63ew\" data-testid=\"event-permalink-details\"><span style=\"color: #000000;\">Vi sjunger f\u00f6r varandra och jobbar med s\u00e5nger som du valt. Vi \u00f6var s\u00e5ngteknik som andning, st\u00f6d, frasering mm. Du f\u00e5r \u00f6va dig p\u00e5 sceniskt uttryck och hur du ska sjunga ut och v\u00e5ga mer i din s\u00e5ng. Vi avslutar kursen med en gemensam konsert. <strong>Plats:<\/strong> PRO Folkh\u00f6gskola i Gysinge. <strong>Anm\u00e4lan: <\/strong><a style=\"color: #000000;\" href=\"https:\/\/www.pro.se\/PROs-Fhsk\/Kursprogram\/\" target=\"_blank\" rel=\"noopener noreferrer\">https:\/\/www.pro.se\/PROs-Fhsk\/Kursprogram\/&nbsp;<\/a><strong>Tid:<\/strong> startar 15:00 p\u00e5 fre \u2013 slutar kl. 15:00 p\u00e5 s\u00f6n.<\/span><\/div>\n<\/div>\n<div>&nbsp;<\/div>\n","protected":false},"excerpt":{"rendered":"<p>Opera Populare OKT 18-19-2025&nbsp; samt 25-26-2025 p\u00e5 Skottes i G\u00e4vle (L\u00f6r. kl. 19 och S\u00f6n. kl. 16) NOV 8-9-2025 p\u00e5 Valhalla i Sandviken (L\u00f6r. kl. 19 och S\u00f6n. kl. 16) G\u00e4vle operan OKT 27-2019 (16:00~18:00)&nbsp; https:\/\/www.facebook.com\/gavleoperan\/photos\/a.543504346016322\/937964796570273\/?type=3&amp;theater Solister och ensembler ur<\/p>\n","protected":false},"author":1,"featured_media":0,"parent":0,"menu_order":4,"comment_status":"closed","ping_status":"closed","template":"","meta":{"ngg_post_thumbnail":0,"footnotes":""},"class_list":["post-55","page","type-page","status-publish","hentry"],"jetpack_sharing_enabled":true,"jetpack_shortlink":"https:\/\/wp.me\/Pag5iu-T","_links":{"self":[{"href":"https:\/\/voiceofmatilda.se\/index.php?rest_route=\/wp\/v2\/pages\/55","targetHints":{"allow":["GET"]}}],"collection":[{"href":"https:\/\/voiceofmatilda.se\/index.php?rest_route=\/wp\/v2\/pages"}],"about":[{"href":"https:\/\/voiceofmatilda.se\/index.php?rest_route=\/wp\/v2\/types\/page"}],"author":[{"embeddable":true,"href":"https:\/\/voiceofmatilda.se\/index.php?rest_route=\/wp\/v2\/users\/1"}],"replies":[{"embeddable":true,"href":"https:\/\/voiceofmatilda.se\/index.php?rest_route=%2Fwp%2Fv2%2Fcomments&post=55"}],"version-history":[{"count":44,"href":"https:\/\/voiceofmatilda.se\/index.php?rest_route=\/wp\/v2\/pages\/55\/revisions"}],"predecessor-version":[{"id":798,"href":"https:\/\/voiceofmatilda.se\/index.php?rest_route=\/wp\/v2\/pages\/55\/revisions\/798"}],"wp:attachment":[{"href":"https:\/\/voiceofmatilda.se\/index.php?rest_route=%2Fwp%2Fv2%2Fmedia&parent=55"}],"curies":[{"name":"wp","href":"https:\/\/api.w.org\/{rel}","templated":true}]}}